{"id":1305,"date":"2019-01-23T06:31:06","date_gmt":"2019-01-23T06:31:06","guid":{"rendered":"https:\/\/bronzeskin.pt\/index.php\/home\/"},"modified":"2025-04-17T15:37:47","modified_gmt":"2025-04-17T15:37:47","slug":"inicio","status":"publish","type":"page","link":"https:\/\/bronzeskin.pt\/","title":{"rendered":"Inicio"},"content":{"rendered":"\n\n\t<h5>\n\t\t\t\tEm Valongo\n\t\t\t<\/h5>\n\t<h1>\n\t\t\t\tCentro de Sol\u00e1rio e Est\u00e9tica\n\t\t\t<\/h1>\n\t<h4>\n\t\t\t\tSol\u00e1rio | Manicure | Laser D\u00edodo\n\t\t\t<\/h4>\n\t\t\t<a href=\"#contactos\" target=\"_self\" role=\"button\">\n\t\t\t\t\t\t\tVisite-nos\n\t\t\t\t\t<\/a>\n\t<h2>\n\t\t\t\tServi\u00e7os\n\t\t\t<\/h2>\n\t\t\t<p>Um espa\u00e7o intimista idealizado com todo o carinho, onde poder\u00e1 usufruir dos nossos servi\u00e7os com a maior seguran\u00e7a e profissionalismo.<\/p>\t\n\t\t\t\t<img decoding=\"async\" src=\"https:\/\/bronzeskin.pt\/wp-content\/uploads\/2023\/02\/solario-3.png\" alt=\"solario\" itemprop=\"image\" height=\"420\" width=\"420\" title=\"solario\" onerror=\"this.style.display='none'\"  \/>\n\t<h3>\n\t\t\t\tSol\u00e1rio\n\t\t\t<\/h3>\n\t<p>Oferecemos um bronzeado natural num ambiente seguro e controlado. Os nossos equipamentos s\u00e3o certificados e\u00a0sujeitos\u00a0a manuten\u00e7\u00f5es regulares, para que e em seguran\u00e7a ofere\u00e7am a melhor experi\u00eancia poss\u00edvel.<\/p>\n\t\t\t\t<img decoding=\"async\" src=\"https:\/\/bronzeskin.pt\/wp-content\/uploads\/2023\/02\/unhas-2.png\" alt=\"unhas\" itemprop=\"image\" height=\"420\" width=\"420\" title=\"unhas\" onerror=\"this.style.display='none'\"  \/>\n\t<h3>\n\t\t\t\tManicure\n\t\t\t<\/h3>\n\t<p>Com uma equipa experiente e sempre atualizada com as \u00faltimas tend\u00eancias, oferecemos um servi\u00e7o de qualidade e um resultado final excecional, onde a durabilidade \u00e9 valorizada.<\/p>\n\t\t\t\t<img decoding=\"async\" src=\"https:\/\/bronzeskin.pt\/wp-content\/uploads\/2023\/02\/LASER-3.png\" alt=\"LASER\" itemprop=\"image\" height=\"420\" width=\"420\" title=\"LASER\" onerror=\"this.style.display='none'\"  \/>\n\t<h3>\n\t\t\t\tDepila\u00e7\u00e3o Laser D\u00edodo\n\t\t\t<\/h3>\n\t<p>\u00c9 a escolha ideal para quem procura uma solu\u00e7\u00e3o de depila\u00e7\u00e3o indolor duradoura e eficaz, mesmo nas zonas mais sens\u00edveis, realizada com toda a seguran\u00e7a e conforto por t\u00e9cnica altamente qualificada e especializada. <\/p>\n\t<h2>\n\t\t\t\tPre\u00e7\u00e1rio\n\t\t\t<\/h2>\n\t\t\t<p>Qualidade-Pre\u00e7o comprovada!<\/p>\t\n\t\t\t\t<img decoding=\"async\" src=\"https:\/\/bronzeskin.pt\/wp-content\/uploads\/2023\/05\/1-min.png\" alt=\"1-min\" itemprop=\"image\" height=\"800\" width=\"1080\" title=\"1-min\" onerror=\"this.style.display='none'\"  \/>\n\t<h3>\n\t\t\t\tSol\u00e1rio\n\t\t\t<\/h3>\n\tDesde 6\u20ac*<br \/>\n*Vari\u00e1vel de acordo com o tempo requisitado pelo servi\u00e7o &#8211; entre 16 minutos a 28 minutos.\n\t\t\t\t<img decoding=\"async\" src=\"https:\/\/bronzeskin.pt\/wp-content\/uploads\/2023\/04\/unhasgel_img.png\" alt=\"unhasgel_img\" itemprop=\"image\" height=\"800\" width=\"1080\" title=\"unhasgel_img\" onerror=\"this.style.display='none'\"  \/>\n\t<h3>\n\t\t\t\tUnhas de Gel\n\t\t\t<\/h3>\n\tDesde 20\u20ac*<br \/>\n*Manuten\u00e7\u00e3o: A Aplica\u00e7\u00e3o pela primeira vez tem o valor de 27\u20ac\n\t\t\t\t<img decoding=\"async\" src=\"https:\/\/bronzeskin.pt\/wp-content\/uploads\/2023\/05\/2-min.png\" alt=\"2-min\" itemprop=\"image\" height=\"800\" width=\"1080\" title=\"2-min\" onerror=\"this.style.display='none'\"  \/>\n\t<h3>\n\t\t\t\tUnhas de Acr\u00edlico\n\t\t\t<\/h3>\n\tDesde 22\u20ac*<br \/>\n*Manuten\u00e7\u00e3o: A Aplica\u00e7\u00e3o pela primeira vez tem o valor de 30\u20ac\n\t<meta itemprop=\"url\" content=\"https:\/\/bronzeskin.pt\/wp-content\/uploads\/2023\/04\/Laser-Diodo-Homem.mp4\" \/><div style=\"width: 640px;\" class=\"wp-video\"><video class=\"wp-video-shortcode\" id=\"video-1305-1\" width=\"640\" height=\"360\" loop preload=\"metadata\" controls=\"controls\"><source type=\"video\/mp4\" src=\"https:\/\/bronzeskin.pt\/wp-content\/uploads\/2023\/04\/Laser-Diodo-Homem.mp4?_=1\" \/><a href=\"https:\/\/bronzeskin.pt\/wp-content\/uploads\/2023\/04\/Laser-Diodo-Homem.mp4\">https:\/\/bronzeskin.pt\/wp-content\/uploads\/2023\/04\/Laser-Diodo-Homem.mp4<\/a><\/video><\/div>\n\t<h3>\n\t\t\t\tLaser D\u00edodo: Homem\n\t\t\t<\/h3>\n\t<p>Corpo inteiro at\u00e9 mesmo nas zonas mais sens\u00edveis (costas, sobrancelha, ma\u00e7\u00e3 do rosto, entre outros).<\/p>\nDesde 49.40\u20ac*<br \/>\n*Pre\u00e7o estipulado por sess\u00e3o.\n\t<meta itemprop=\"url\" content=\"https:\/\/bronzeskin.pt\/wp-content\/uploads\/2023\/04\/Laser-Diodo-Mulheres.mp4\" \/><div style=\"width: 640px;\" class=\"wp-video\"><video class=\"wp-video-shortcode\" id=\"video-1305-2\" width=\"640\" height=\"360\" loop preload=\"metadata\" controls=\"controls\"><source type=\"video\/mp4\" src=\"https:\/\/bronzeskin.pt\/wp-content\/uploads\/2023\/04\/Laser-Diodo-Mulheres.mp4?_=2\" \/><a href=\"https:\/\/bronzeskin.pt\/wp-content\/uploads\/2023\/04\/Laser-Diodo-Mulheres.mp4\">https:\/\/bronzeskin.pt\/wp-content\/uploads\/2023\/04\/Laser-Diodo-Mulheres.mp4<\/a><\/video><\/div>\n\t<h3>\n\t\t\t\tLaser D\u00edodo: Mulheres\n\t\t\t<\/h3>\n\t<p>Corpo inteiro at\u00e9 mesmo nas zonas mais sens\u00edveis (virilha, p\u00fabis, entre outros).<\/p>\nDesde 39.90\u20ac*<br \/>\n*Pre\u00e7o estipulado por sess\u00e3o.\n\t<meta itemprop=\"url\" content=\"https:\/\/bronzeskin.pt\/wp-content\/uploads\/2023\/04\/Laser-Diodo-Zona.mp4\" \/><div style=\"width: 640px;\" class=\"wp-video\"><video class=\"wp-video-shortcode\" id=\"video-1305-3\" width=\"640\" height=\"360\" loop preload=\"metadata\" controls=\"controls\"><source type=\"video\/mp4\" src=\"https:\/\/bronzeskin.pt\/wp-content\/uploads\/2023\/04\/Laser-Diodo-Zona.mp4?_=3\" \/><a href=\"https:\/\/bronzeskin.pt\/wp-content\/uploads\/2023\/04\/Laser-Diodo-Zona.mp4\">https:\/\/bronzeskin.pt\/wp-content\/uploads\/2023\/04\/Laser-Diodo-Zona.mp4<\/a><\/video><\/div>\n\t<h3>\n\t\t\t\tLaser D\u00edodo: Por Zona\n\t\t\t<\/h3>\n\tPre\u00e7o considerado por membro.<br \/>\n(Perna inteira tem o custo de 20\u20ac).\nDesde 10\u20ac*<br \/>\n*Pre\u00e7o estipulado por sess\u00e3o.\n\t<h2>\n\t\t\t\tTestemunhos\n\t\t\t<\/h2>\n\t\t\t<p>Alguns coment\u00e1rios dos nossos clientes<\/p>\t\n\t\t\t<img decoding=\"async\" src=\"https:\/\/bronzeskin.pt\/wp-content\/uploads\/2023\/06\/Rita-Ferreira-.png\" alt=\"\" width=\"1656\" height=\"2048\" \/><p>&#8220;Espa\u00e7o super recomendado!!!<br \/>Adorooo tudo\u00a0<img decoding=\"async\" src=\"https:\/\/a.slack-edge.com\/production-standard-emoji-assets\/14.0\/apple-medium\/1f44c.png\" alt=\":gesto_ok:\" aria-label=\"Emoji gesto ok\" data-stringify-type=\"emoji\" data-stringify-emoji=\":ok_hand:\" \/><br \/>Profissionalismo e simpatia!!&#8221;<\/p><h5>Rita Ferreira<\/h5>\t\t\n\t\t\t<img decoding=\"async\" src=\"https:\/\/bronzeskin.pt\/wp-content\/uploads\/2023\/05\/Ricardo-Costa.png\" alt=\"\" width=\"1656\" height=\"2048\" \/><p>&#8220;Sou grato por ser cliente Bronze Skin, mas agrade\u00e7o sobretudo por terem uma equipe fant\u00e1stica que trabalha incansavelmente todos os dias e sempre com a mesma perfei\u00e7\u00e3o e qualidade! Sem d\u00favida o melhor centro sol\u00e1rio e est\u00e9tica no grande Porto! Parab\u00e9ns!&#8221;<\/p><h5>Ricardo Costa<\/h5>\t\t\n\t\t\t<img decoding=\"async\" src=\"https:\/\/bronzeskin.pt\/wp-content\/uploads\/2023\/05\/Cristiana-Graca.img_.png\" alt=\"\" width=\"1656\" height=\"2048\" \/><p>&#8220;Sem d\u00favida, 5\u00a0<img decoding=\"async\" src=\"https:\/\/a.slack-edge.com\/production-standard-emoji-assets\/14.0\/apple-medium\/2b50.png\" alt=\":estrela:\" aria-label=\"Emoji estrela\" data-stringify-type=\"emoji\" data-stringify-emoji=\":star:\" \/>\ufe0f, neste centro de est\u00e9tica encontrar\u00e1 a melhor t\u00e9cnica de unhas de gel que alguma vez conheci. Excelentes m\u00e1quinas de Sol\u00e1rio e pessoal especializado para nos orientar, assim como no laser d\u00edodo com resultados excelentes!&#8221;<\/p><h5>Cristiana Gra\u00e7a<\/h5>\t\t\n<img decoding=\"async\" src=\"https:\/\/bronzeskin.pt\/wp-content\/uploads\/2023\/05\/Patricia-Santos.jpeg\" alt=\"\" width=\"1656\" height=\"2048\" \/>\n<p>&#8220;Um espa\u00e7o intimista, onde somos recebidas com um sorriso e extrema aten\u00e7\u00e3o. Quer fosse na aplica\u00e7\u00e3o de unhas de gel, quer no melhor produto a utilizar antes e depois da minha sess\u00e3o sol\u00e1rio o cuidado e tempo que me dispensaram foi para mim o mais relevante, aparte de que as minhas unhas ficaram lind\u00edssimas. Obrigado meninas.&#8221;<\/p>\n<h5>Patr\u00edcia Santos<\/h5>\n\t\t\t<img decoding=\"async\" src=\"https:\/\/bronzeskin.pt\/wp-content\/uploads\/2023\/04\/joana-soares.png\" alt=\"\" width=\"1656\" height=\"2048\" \/><p>&#8220;Adoro tudo, desde unhas, sol\u00e1rio e atendimento. Recomendo 100% a irem l\u00e1 experimentar, (n\u00e3o troco as minhas meninas por mais ningu\u00e9m) n\u00e3o v\u00e3o querer mais lado nenhum! Obrigada pelo atendimento, obrigada por serem super profissionais! Beijinho. Continuem sempre assim!&#8221;<\/p><h5>Joana Soares<\/h5>\t\t\n\t\t\t<img decoding=\"async\" src=\"https:\/\/bronzeskin.pt\/wp-content\/uploads\/2023\/04\/patricia-da-silva.png\" alt=\"\" width=\"1656\" height=\"2048\" \/><p>&#8220;Atendimento muito profissional e muita simpatia inclu\u00edda, fa\u00e7o as minhas unhas \u00e0 4 anos aqui e n\u00e3o troco por nada!&#8221;<\/p><h5>Patr\u00edcia da Silva<\/h5>\t\t\n\t\t\t<img decoding=\"async\" src=\"https:\/\/bronzeskin.pt\/wp-content\/uploads\/2023\/04\/bela-pacheco.png\" alt=\"\" width=\"1656\" height=\"2048\" \/><p>&#8220;O melhor centro de est\u00e9tica, super profissionais e um atendimento de excel\u00eancia \u2665\ufe0f&#8221;<\/p><h5>Bela Pacheco<\/h5>\t\t\n\t\t\t<img decoding=\"async\" src=\"https:\/\/bronzeskin.pt\/wp-content\/uploads\/2023\/06\/Rita-Francisca.png\" alt=\"\" width=\"1656\" height=\"2048\" \/><p>&#8220;Confirmo tudo!! Vou de prop\u00f3sito de Vila Nova de Gaia para ser atendida na Bronze Skin. Sabem porqu\u00ea? Porque s\u00e3o incr\u00edveis e eu curto delas \u00e0 brava <img decoding=\"async\" src=\"https:\/\/a.slack-edge.com\/production-standard-emoji-assets\/14.0\/apple-medium\/1f49d.png\" alt=\":presente_cora\u00e7\u00e3o:\" aria-label=\"Emoji presente cora\u00e7\u00e3o\" data-stringify-type=\"emoji\" data-stringify-emoji=\":gift_heart:\" \/><img decoding=\"async\" src=\"https:\/\/a.slack-edge.com\/production-standard-emoji-assets\/14.0\/apple-medium\/1f49d.png\" alt=\":presente_cora\u00e7\u00e3o:\" aria-label=\"Emoji presente cora\u00e7\u00e3o\" data-stringify-type=\"emoji\" data-stringify-emoji=\":gift_heart:\" \/><img decoding=\"async\" src=\"https:\/\/a.slack-edge.com\/production-standard-emoji-assets\/14.0\/apple-medium\/1f49d.png\" alt=\":presente_cora\u00e7\u00e3o:\" aria-label=\"Emoji presente cora\u00e7\u00e3o\" data-stringify-type=\"emoji\" data-stringify-emoji=\":gift_heart:\" \/>, s\u00e3o maravilhosas TODAS\u00a0<img decoding=\"async\" src=\"https:\/\/a.slack-edge.com\/production-standard-emoji-assets\/14.0\/apple-medium\/1f98b.png\" alt=\":borboleta:\" aria-label=\"Emoji borboleta\" data-stringify-type=\"emoji\" data-stringify-emoji=\":butterfly:\" \/>&#8220;<\/p><h5>Rita Francisca<\/h5>\t\t\n\t<h2>\n\t\t\t\tSobre N\u00f3s\n\t\t\t<\/h2>\n\t<p>Na Bronze Skin a sua beleza e bem-estar s\u00e3o a nossa prioridade! Um espa\u00e7o intimista dedicado \u00e0s mulheres reais, onde trabalhamos diariamente no sentido de corresponder \u00e0s suas maiores expectativas. Dispomos de v\u00e1rios servi\u00e7os que v\u00e3o faz\u00ea-la sentir-se melhor, por fora e por dentro. Entre eles: manicure, sol\u00e1rio e depila\u00e7\u00e3o a laser.<\/p>\n\t\t\t<a href=\"https:\/\/www.google.com\/maps\/dir\/41.1674932,-8.3636138\/41.18987,-8.49968\/@41.1756825,-8.5002138,12z\/data=!3m1!4b1!4m4!4m3!1m1!4e1!1m0\" target=\"_blank\" role=\"button\" rel=\"noopener\">\n\t\t\t\t\t\t\tVisite-nos\n\t\t\t\t\t<\/a>\n\t\t\t<a href=\"#contactos\" target=\"_self\" role=\"button\">\n\t\t\t\t\t\t\tFale Connosco\n\t\t\t\t\t<\/a>\n\t\t\t<img decoding=\"async\" loading='false' src=\"https:\/\/bronzeskin.pt\/wp-content\/uploads\/2023\/07\/imagens-site-tamanho---9.webp\" alt=\"\" \/>\t\t\t\n\t\t\t<img decoding=\"async\" loading='false' src=\"https:\/\/bronzeskin.pt\/wp-content\/uploads\/2023\/07\/imagens-site-tamanho---4.webp\" alt=\"\" \/>\t\t\t\n\t\t\t<img decoding=\"async\" loading='false' src=\"https:\/\/bronzeskin.pt\/wp-content\/uploads\/2023\/07\/imagens-site-tamanho---5.webp\" alt=\"\" \/>\t\t\t\n\t\t\t<img decoding=\"async\" loading='false' src=\"https:\/\/bronzeskin.pt\/wp-content\/uploads\/2023\/07\/imagens-site-tamanho---7.webp\" alt=\"\" \/>\t\t\t\n\t\t\t<img decoding=\"async\" loading='false' src=\"https:\/\/bronzeskin.pt\/wp-content\/uploads\/2023\/07\/imagens-site-tamanho---8.png\" alt=\"\" \/>\t\t\t\n\t\t\t<img decoding=\"async\" loading='false' src=\"https:\/\/bronzeskin.pt\/wp-content\/uploads\/2023\/07\/imagens-site-tamanho---6.webp\" alt=\"\" \/>\t\t\t\n\t\t\t<img decoding=\"async\" loading='false' src=\"https:\/\/bronzeskin.pt\/wp-content\/uploads\/2023\/07\/imagens-site-tamanho---11.webp\" alt=\"\" \/>\t\t\t\n\t\t\t<img decoding=\"async\" loading='false' src=\"https:\/\/bronzeskin.pt\/wp-content\/uploads\/2023\/07\/imagens-site-tamanho---1-1.webp\" alt=\"\" \/>\t\t\t\n\t\t\t<img decoding=\"async\" loading='false' src=\"https:\/\/bronzeskin.pt\/wp-content\/uploads\/2023\/07\/imagens-site-tamanho---2.webp\" alt=\"\" \/>\t\t\t\n\t\t\t<img decoding=\"async\" loading='false' src=\"https:\/\/bronzeskin.pt\/wp-content\/uploads\/2023\/07\/imagens-site-tamanho---3.webp\" alt=\"\" \/>\t\t\t\n\t\t\t<img decoding=\"async\" loading='false' src=\"https:\/\/bronzeskin.pt\/wp-content\/uploads\/2023\/04\/bronzeskin-sobre14.png\" alt=\"\" \/>\t\t\t\n\t\t\t\t<a href=\"#\" aria-label=\"previous\" role=\"button\">\n<\/a>\n\t\t\t\t<a href=\"#\" aria-label=\"next\" role=\"button\">\n<\/a>\n\t<iframe src=\"https:\/\/www.google.com\/maps\/embed\/v1\/place?q=Largo+do+Centen%C3%A1rio+114%2C+4440-508+Valongo&#038;key=AIzaSyD09zQ9PNDNNy9TadMuzRV_UsPUoWKntt8\" aria-hidden=\"true\" title=\"BRONZESKIN\"><\/iframe>\n\t<h2>\n\t\t\t\tGaleria de Trabalhos\n\t\t\t<\/h2>\n\t<h2>\n\t\t\t\tPerguntas Frequentes\n\t\t\t<\/h2>\n\t\t\t\t\t\t\t\t\t\t<h4 tabindex=\"0\">Quais os benef\u00edcios da depila\u00e7\u00e3o a laser?<\/h4>\n\t\t\t\t\t<ul>\n<li aria-level=\"1\">T\u00e9cnica duradoura e precisa;<\/li>\n<li aria-level=\"1\">Evita irrita\u00e7\u00f5es e pelos encravados;<\/li>\n<li aria-level=\"1\">Eficaz na remo\u00e7\u00e3o dos pelos em todas as zonas do corpo, at\u00e9 nas mais sens\u00edveis (costas, sobrancelha, ma\u00e7\u00e3 do rosto, queixo, entre outros);<\/li>\n<li aria-level=\"1\">Mais econ\u00f3mica a longo prazo (requer uma baixa manuten\u00e7\u00e3o).<\/li>\n<\/ul>\n\t\t\t\t\t\t\t\t\t\t<h4 tabindex=\"0\">Ao iniciar o tratamento, que cuidados devo ter?<\/h4>\n\t\t\t\t\t<ul>\n<li aria-level=\"1\">Evitar a exposi\u00e7\u00e3o solar e outras fontes de calor nas 24 horas anteriores e posteriores \u00e0 sess\u00e3o;<\/li>\n<li aria-level=\"1\">N\u00e3o deve fazer depila\u00e7\u00e3o com cera ou outras t\u00e9cnicas, durante o tratamento;<\/li>\n<li aria-level=\"1\">Ap\u00f3s a sess\u00e3o, deve aplicar um creme ou lo\u00e7\u00e3o calmante na pele.<\/li>\n<\/ul>\n\t\t\t\t\t\t\t\t\t\t<h4 tabindex=\"0\">Quantas sess\u00f5es s\u00e3o necess\u00e1rias?<\/h4>\n\t\t\t\t\t<p>Para um tratamento eficaz s\u00e3o necess\u00e1rias entre 5 a 10 sess\u00f5es. No entanto, a necessidade varia, de acordo com a cor e espessura do pelo, fototipo de pele e idade. <\/p>\n\t\t\t\t\t\t\t\t\t\t<h4 tabindex=\"0\">Vou ter resultados logo ap\u00f3s a 1\u00aa sess\u00e3o? <\/h4>\n\t\t\t\t\t<p>Sim. Ap\u00f3s a 1\u00aa sess\u00e3o, os pelos podem parecer mais finos e fr\u00e1geis, em determinadas zonas do corpo. <\/p>\n\t\t\t\t\t\t\t\t\t\t<h4 tabindex=\"0\">A Depila\u00e7\u00e3o a Laser \u00e9 definitiva?<\/h4>\n\t\t\t\t\t<p>A Depila\u00e7\u00e3o a Laser \u00e9 um m\u00e9todo altamente eficaz para reduzir os pelos. No entanto, mesmo que o tratamento dure apenas algumas sess\u00f5es, \u00e9 necess\u00e1rio fazer a manuten\u00e7\u00e3o do pelo (2 a 3 sess\u00f5es por ano). <\/p>\n\t<h2>\n\t\t\t\tDeixe o seu testemunho!\n\t\t\t<\/h2>\n\t\t\t<p>A sua opini\u00e3o \u00e9 importante para n\u00f3s. Junte-se \u00e0s nossas clientes e conte-nos a sua experi\u00eancia no nosso espa\u00e7o.<\/p>\t\n\t\t\t<a href=\"https:\/\/g.page\/r\/CdkZpEvWFOKqEBM\/review\" target=\"_blank\" role=\"button\" rel=\"noopener\">\n\t\t\t\t\t\t\tPartilhe a sua opini\u00e3o\n\t\t\t\t\t<\/a>\n\n","protected":false},"excerpt":{"rendered":"<p>Em Valongo Centro de Sol\u00e1rio e Est\u00e9tica Sol\u00e1rio | Manicure | Laser D\u00edodo Visite-nos Servi\u00e7os Um espa\u00e7o intimista idealizado com todo o carinho, onde poder\u00e1 usufruir dos nossos servi\u00e7os com a maior seguran\u00e7a e profissionalismo. Sol\u00e1rio Oferecemos um bronzeado natural num ambiente seguro e controlado. Os nossos equipamentos s\u00e3o certificados e\u00a0sujeitos\u00a0a manuten\u00e7\u00f5es regulares, para que &hellip;<\/p>\n<p class=\"read-more\"> <a class=\"\" href=\"https:\/\/bronzeskin.pt\/\"> <span class=\"screen-reader-text\">Inicio<\/span> Read More &raquo;<\/a><\/p>\n","protected":false},"author":1,"featured_media":0,"parent":0,"menu_order":0,"comment_status":"closed","ping_status":"closed","template":"","meta":{"_uag_custom_page_level_css":"","site-sidebar-layout":"no-sidebar","site-content-layout":"page-builder","ast-global-header-display":"","ast-main-header-display":"","ast-hfb-above-header-display":"","ast-hfb-below-header-display":"","ast-hfb-mobile-header-display":"","site-post-title":"disabled","ast-breadcrumbs-content":"","ast-featured-img":"disabled","footer-sml-layout":"","theme-transparent-header-meta":"enabled","adv-header-id-meta":"","stick-header-meta":"","header-above-stick-meta":"","header-main-stick-meta":"","header-below-stick-meta":"","footnotes":""},"class_list":["post-1305","page","type-page","status-publish","hentry"],"yoast_head":"<!-- This site is optimized with the Yoast SEO plugin v20.1 - https:\/\/yoast.com\/wordpress\/plugins\/seo\/ -->\n<title>Inicio - BronzeSkin<\/title>\n<meta name=\"robots\" content=\"index, follow, max-snippet:-1, max-image-preview:large, max-video-preview:-1\" \/>\n<link rel=\"canonical\" href=\"https:\/\/bronzeskin.pt\/\" \/>\n<meta property=\"og:locale\" content=\"pt_PT\" \/>\n<meta property=\"og:type\" content=\"article\" \/>\n<meta property=\"og:title\" content=\"Inicio - BronzeSkin\" \/>\n<meta property=\"og:description\" content=\"Em Valongo Centro de Sol\u00e1rio e Est\u00e9tica Sol\u00e1rio | Manicure | Laser D\u00edodo Visite-nos Servi\u00e7os Um espa\u00e7o intimista idealizado com todo o carinho, onde poder\u00e1 usufruir dos nossos servi\u00e7os com a maior seguran\u00e7a e profissionalismo. Sol\u00e1rio Oferecemos um bronzeado natural num ambiente seguro e controlado. Os nossos equipamentos s\u00e3o certificados e\u00a0sujeitos\u00a0a manuten\u00e7\u00f5es regulares, para que &hellip; Inicio Read More &raquo;\" \/>\n<meta property=\"og:url\" content=\"https:\/\/bronzeskin.pt\/\" \/>\n<meta property=\"og:site_name\" content=\"BronzeSkin\" \/>\n<meta property=\"article:modified_time\" content=\"2025-04-17T15:37:47+00:00\" \/>\n<meta property=\"og:image\" content=\"https:\/\/bronzeskin.pt\/wp-content\/uploads\/2023\/02\/solario-3.png\" \/>\n<meta name=\"twitter:card\" content=\"summary_large_image\" \/>\n<script type=\"application\/ld+json\" class=\"yoast-schema-graph\">{\"@context\":\"https:\/\/schema.org\",\"@graph\":[{\"@type\":\"WebPage\",\"@id\":\"https:\/\/bronzeskin.pt\/\",\"url\":\"https:\/\/bronzeskin.pt\/\",\"name\":\"Inicio - BronzeSkin\",\"isPartOf\":{\"@id\":\"https:\/\/bronzeskin.pt\/#website\"},\"datePublished\":\"2019-01-23T06:31:06+00:00\",\"dateModified\":\"2025-04-17T15:37:47+00:00\",\"breadcrumb\":{\"@id\":\"https:\/\/bronzeskin.pt\/#breadcrumb\"},\"inLanguage\":\"pt-PT\",\"potentialAction\":[{\"@type\":\"ReadAction\",\"target\":[\"https:\/\/bronzeskin.pt\/\"]}]},{\"@type\":\"BreadcrumbList\",\"@id\":\"https:\/\/bronzeskin.pt\/#breadcrumb\",\"itemListElement\":[{\"@type\":\"ListItem\",\"position\":1,\"name\":\"In\u00edcio\",\"item\":\"https:\/\/bronzeskin.pt\/\"},{\"@type\":\"ListItem\",\"position\":2,\"name\":\"Inicio\"}]},{\"@type\":\"WebSite\",\"@id\":\"https:\/\/bronzeskin.pt\/#website\",\"url\":\"https:\/\/bronzeskin.pt\/\",\"name\":\"BronzeSkin\",\"description\":\"\",\"publisher\":{\"@id\":\"https:\/\/bronzeskin.pt\/#organization\"},\"potentialAction\":[{\"@type\":\"SearchAction\",\"target\":{\"@type\":\"EntryPoint\",\"urlTemplate\":\"https:\/\/bronzeskin.pt\/?s={search_term_string}\"},\"query-input\":\"required name=search_term_string\"}],\"inLanguage\":\"pt-PT\"},{\"@type\":\"Organization\",\"@id\":\"https:\/\/bronzeskin.pt\/#organization\",\"name\":\"BronzeSkin\",\"url\":\"https:\/\/bronzeskin.pt\/\",\"logo\":{\"@type\":\"ImageObject\",\"inLanguage\":\"pt-PT\",\"@id\":\"https:\/\/bronzeskin.pt\/#\/schema\/logo\/image\/\",\"url\":\"https:\/\/bronzeskin.pt\/wp-content\/uploads\/2023\/04\/bronzeskin-logo-horizontal.png\",\"contentUrl\":\"https:\/\/bronzeskin.pt\/wp-content\/uploads\/2023\/04\/bronzeskin-logo-horizontal.png\",\"width\":300,\"height\":100,\"caption\":\"BronzeSkin\"},\"image\":{\"@id\":\"https:\/\/bronzeskin.pt\/#\/schema\/logo\/image\/\"}}]}<\/script>\n<!-- \/ Yoast SEO plugin. -->","yoast_head_json":{"title":"Inicio - BronzeSkin","robots":{"index":"index","follow":"follow","max-snippet":"max-snippet:-1","max-image-preview":"max-image-preview:large","max-video-preview":"max-video-preview:-1"},"canonical":"https:\/\/bronzeskin.pt\/","og_locale":"pt_PT","og_type":"article","og_title":"Inicio - BronzeSkin","og_description":"Em Valongo Centro de Sol\u00e1rio e Est\u00e9tica Sol\u00e1rio | Manicure | Laser D\u00edodo Visite-nos Servi\u00e7os Um espa\u00e7o intimista idealizado com todo o carinho, onde poder\u00e1 usufruir dos nossos servi\u00e7os com a maior seguran\u00e7a e profissionalismo. Sol\u00e1rio Oferecemos um bronzeado natural num ambiente seguro e controlado. Os nossos equipamentos s\u00e3o certificados e\u00a0sujeitos\u00a0a manuten\u00e7\u00f5es regulares, para que &hellip; Inicio Read More &raquo;","og_url":"https:\/\/bronzeskin.pt\/","og_site_name":"BronzeSkin","article_modified_time":"2025-04-17T15:37:47+00:00","og_image":[{"url":"https:\/\/bronzeskin.pt\/wp-content\/uploads\/2023\/02\/solario-3.png"}],"twitter_card":"summary_large_image","schema":{"@context":"https:\/\/schema.org","@graph":[{"@type":"WebPage","@id":"https:\/\/bronzeskin.pt\/","url":"https:\/\/bronzeskin.pt\/","name":"Inicio - BronzeSkin","isPartOf":{"@id":"https:\/\/bronzeskin.pt\/#website"},"datePublished":"2019-01-23T06:31:06+00:00","dateModified":"2025-04-17T15:37:47+00:00","breadcrumb":{"@id":"https:\/\/bronzeskin.pt\/#breadcrumb"},"inLanguage":"pt-PT","potentialAction":[{"@type":"ReadAction","target":["https:\/\/bronzeskin.pt\/"]}]},{"@type":"BreadcrumbList","@id":"https:\/\/bronzeskin.pt\/#breadcrumb","itemListElement":[{"@type":"ListItem","position":1,"name":"In\u00edcio","item":"https:\/\/bronzeskin.pt\/"},{"@type":"ListItem","position":2,"name":"Inicio"}]},{"@type":"WebSite","@id":"https:\/\/bronzeskin.pt\/#website","url":"https:\/\/bronzeskin.pt\/","name":"BronzeSkin","description":"","publisher":{"@id":"https:\/\/bronzeskin.pt\/#organization"},"potentialAction":[{"@type":"SearchAction","target":{"@type":"EntryPoint","urlTemplate":"https:\/\/bronzeskin.pt\/?s={search_term_string}"},"query-input":"required name=search_term_string"}],"inLanguage":"pt-PT"},{"@type":"Organization","@id":"https:\/\/bronzeskin.pt\/#organization","name":"BronzeSkin","url":"https:\/\/bronzeskin.pt\/","logo":{"@type":"ImageObject","inLanguage":"pt-PT","@id":"https:\/\/bronzeskin.pt\/#\/schema\/logo\/image\/","url":"https:\/\/bronzeskin.pt\/wp-content\/uploads\/2023\/04\/bronzeskin-logo-horizontal.png","contentUrl":"https:\/\/bronzeskin.pt\/wp-content\/uploads\/2023\/04\/bronzeskin-logo-horizontal.png","width":300,"height":100,"caption":"BronzeSkin"},"image":{"@id":"https:\/\/bronzeskin.pt\/#\/schema\/logo\/image\/"}}]}},"uagb_featured_image_src":{"full":false,"thumbnail":false,"medium":false,"medium_large":false,"large":false,"1536x1536":false,"2048x2048":false,"woocommerce_thumbnail":false,"woocommerce_single":false,"woocommerce_gallery_thumbnail":false},"uagb_author_info":{"display_name":"admin_9rbq03a9","author_link":"https:\/\/bronzeskin.pt\/author\/admin_9rbq03a9\/"},"uagb_comment_info":0,"uagb_excerpt":"Em Valongo Centro de Sol\u00e1rio e Est\u00e9tica Sol\u00e1rio | Manicure | Laser D\u00edodo Visite-nos Servi\u00e7os Um espa\u00e7o intimista idealizado com todo o carinho, onde poder\u00e1 usufruir dos nossos servi\u00e7os com a maior seguran\u00e7a e profissionalismo. Sol\u00e1rio Oferecemos um bronzeado natural num ambiente seguro e controlado. Os nossos equipamentos s\u00e3o certificados e\u00a0sujeitos\u00a0a manuten\u00e7\u00f5es regulares, para que&hellip;","_links":{"self":[{"href":"https:\/\/bronzeskin.pt\/wp-json\/wp\/v2\/pages\/1305","targetHints":{"allow":["GET"]}}],"collection":[{"href":"https:\/\/bronzeskin.pt\/wp-json\/wp\/v2\/pages"}],"about":[{"href":"https:\/\/bronzeskin.pt\/wp-json\/wp\/v2\/types\/page"}],"author":[{"embeddable":true,"href":"https:\/\/bronzeskin.pt\/wp-json\/wp\/v2\/users\/1"}],"replies":[{"embeddable":true,"href":"https:\/\/bronzeskin.pt\/wp-json\/wp\/v2\/comments?post=1305"}],"version-history":[{"count":5,"href":"https:\/\/bronzeskin.pt\/wp-json\/wp\/v2\/pages\/1305\/revisions"}],"predecessor-version":[{"id":1695,"href":"https:\/\/bronzeskin.pt\/wp-json\/wp\/v2\/pages\/1305\/revisions\/1695"}],"wp:attachment":[{"href":"https:\/\/bronzeskin.pt\/wp-json\/wp\/v2\/media?parent=1305"}],"curies":[{"name":"wp","href":"https:\/\/api.w.org\/{rel}","templated":true}]}}